{"id":1907,"date":"2025-07-07T17:33:47","date_gmt":"2025-07-07T15:33:47","guid":{"rendered":"https:\/\/wp.axel-schulz.com\/?page_id=1907"},"modified":"2025-07-10T22:17:46","modified_gmt":"2025-07-10T20:17:46","slug":"meine-geschichte","status":"publish","type":"page","link":"https:\/\/axel-schulz.com\/?page_id=1907","title":{"rendered":"Meine Geschichte"},"content":{"rendered":"<div class=\"fusion-fullwidth fullwidth-box fusion-builder-row-1 fusion-flex-container has-pattern-background has-mask-background nonhundred-percent-fullwidth non-hundred-percent-height-scrolling\" style=\"--awb-border-radius-top-left:0px;--awb-border-radius-top-right:0px;--awb-border-radius-bottom-right:0px;--awb-border-radius-bottom-left:0px;--awb-flex-wrap:wrap;\" ><div class=\"fusion-builder-row fusion-row fusion-flex-align-items-flex-start fusion-flex-content-wrap\" style=\"max-width:calc( 1200px + 80px );margin-left: calc(-80px \/ 2 );margin-right: calc(-80px \/ 2 );\"><div class=\"fusion-layout-column fusion_builder_column fusion-builder-column-0 fusion_builder_column_1_1 1_1 fusion-flex-column\" style=\"--awb-bg-size:cover;--awb-width-large:100%;--awb-margin-top-large:0px;--awb-spacing-right-large:40px;--awb-margin-bottom-large:20px;--awb-spacing-left-large:40px;--awb-width-medium:100%;--awb-order-medium:0;--awb-spacing-right-medium:40px;--awb-spacing-left-medium:40px;--awb-width-small:100%;--awb-order-small:0;--awb-spacing-right-small:40px;--awb-spacing-left-small:40px;\"><div class=\"fusion-column-wrapper fusion-column-has-shadow fusion-flex-justify-content-flex-start fusion-content-layout-column\"><div class=\"fusion-text fusion-text-1\"><h2 data-start=\"264\" data-end=\"357\"><strong data-start=\"267\" data-end=\"355\">Kein G\u00fcrtel, aber Geschichte \u2013 Mein Weg durch den Ring<\/strong><\/h2>\n<p data-start=\"358\" data-end=\"375\"><em data-start=\"358\" data-end=\"375\">Von Axel Schulz<\/em><\/p>\n<p data-start=\"377\" data-end=\"643\">Ich bin Axel Schulz. Geboren am 9. November 1968 in Bad Saarow. Aufgewachsen in der DDR \u2013 nicht im Rampenlicht, sondern im Alltag eines ganz normalen Jungen, der irgendwann gelernt hat, dass man sich im Leben alles hart erarbeiten muss. Und genau das habe ich getan.<\/p>\n<p data-start=\"645\" data-end=\"980\">Mit zehn Jahren stand ich zum ersten Mal im Boxring. Damals noch beim SG Gaselan F\u00fcrstenwalde. Das Training war hart, aber ich liebte es vom ersten Moment an. Ich habe fr\u00fch gelernt, was Disziplin bedeutet. Ich war nie der Schnellste, nie der mit dem gr\u00f6\u00dften Talent \u2013 aber ich war immer der, der l\u00e4nger durchhielt. Der nie aufgegeben hat.<\/p>\n<p data-start=\"982\" data-end=\"1390\">In der DDR war Boxen gro\u00df \u2013 und ich habe es dort ganz nach oben geschafft: <strong data-start=\"1057\" data-end=\"1080\">F\u00fcnfmal DDR-Meister<\/strong> in der Jugend, <strong>Junioren Europameister <\/strong><strong>1986<\/strong>, <strong>DDR-Meister <\/strong>bei den M\u00e4nnern <strong>1988<\/strong>, Silber<strong data-start=\"1096\" data-end=\"1139\"> bei der Europameisterschaft 1989<\/strong>, <strong data-start=\"1141\" data-end=\"1185\">Bronze bei der Amateur-Weltmeisterschaft<\/strong> \u2013 das war der Lohn f\u00fcr jahrelangen Kampf, auch gegen mich selbst. Dann kam die Wende und f\u00fcr mich der Schritt ins Profilager. <\/p>\n<hr data-start=\"1392\" data-end=\"1395\">\n<h3 data-start=\"1397\" data-end=\"1452\"><strong data-start=\"1401\" data-end=\"1450\">Mein Profi-Deb\u00fct: Der Start in eine neue Welt<\/strong><\/h3>\n<p data-start=\"1453\" data-end=\"1799\">1990 war mein Jahr. Ich stand zum ersten Mal als Profi im Ring \u2013 in D\u00fcsseldorf, gegen George Ajio. Ich war nerv\u00f6s, klar, aber gleichzeitig fokussierter als je zuvor. Ich gewann klar nach Punkten. Das war der erste Schritt. Bald darauf wurde ich zum <strong>Nachwuchsboxer des Jahres<\/strong> gew\u00e4hlt \u2013 ein gutes Gef\u00fchl, aber ich wusste: Das war erst der Anfang.<\/p>\n<p data-start=\"1801\" data-end=\"1993\">1992 wurde ich Deutscher Schwergewichtsmeister \u2013 gegen Bernd Friedrich. Kein leichter Gegner, aber ich war bereit. Dieser Titel hat mir Mut gemacht. Ich wollte mehr. <\/p>\n<hr data-start=\"1995\" data-end=\"1998\">\n<h3 data-start=\"2000\" data-end=\"2068\"><strong data-start=\"2004\" data-end=\"2068\">Der Weg an die Weltspitze \u2013 K\u00e4mpfe, die Geschichte schrieben<\/strong><\/h3>\n<p data-start=\"2070\" data-end=\"2347\"><strong data-start=\"2070\" data-end=\"2078\">1994<\/strong> besiegte ich den fr\u00fcheren WBA-Weltmeister <strong data-start=\"2121\" data-end=\"2150\">James \u201cBonecrusher\u201d Smith<\/strong>. Ein Mann mit unglaublicher Power und riesiger Erfahrung. Ich boxte ihn aus, clever, technisch. Nach dem Kampf war mein Manager am Zug &#8230;<\/p>\n<p data-start=\"2070\" data-end=\"2347\">Pl\u00f6tzlich war ich in der N\u00e4he eines WM-Kampfes.<\/p>\n<p data-start=\"2349\" data-end=\"2395\">Und dann kam er \u2013 <strong data-start=\"2367\" data-end=\"2395\">der Kampf meines Lebens.<\/strong><\/p>\n<p data-start=\"2349\" data-end=\"2395\"><img decoding=\"async\" class=\"lazyload aligncenter  wp-image-1964\" src=\"https:\/\/wp.axel-schulz.com\/wp-content\/uploads\/2025\/07\/IMG_E08001.jpg\" data-orig-src=\"https:\/\/wp.axel-schulz.com\/wp-content\/uploads\/2025\/07\/IMG_E08001.jpg\" alt=\"\" width=\"531\" height=\"362\" srcset=\"data:image\/svg+xml,%3Csvg%20xmlns%3D%27http%3A%2F%2Fwww.w3.org%2F2000%2Fsvg%27%20width%3D%27531%27%20height%3D%27362%27%20viewBox%3D%270%200%20531%20362%27%3E%3Crect%20width%3D%27531%27%20height%3D%27362%27%20fill-opacity%3D%220%22%2F%3E%3C%2Fsvg%3E\" data-srcset=\"https:\/\/axel-schulz.com\/wp-content\/uploads\/2025\/07\/IMG_E08001-200x136.jpg 200w, https:\/\/axel-schulz.com\/wp-content\/uploads\/2025\/07\/IMG_E08001-300x204.jpg 300w, https:\/\/axel-schulz.com\/wp-content\/uploads\/2025\/07\/IMG_E08001-400x272.jpg 400w, https:\/\/axel-schulz.com\/wp-content\/uploads\/2025\/07\/IMG_E08001-600x408.jpg 600w, https:\/\/axel-schulz.com\/wp-content\/uploads\/2025\/07\/IMG_E08001-768x522.jpg 768w, https:\/\/axel-schulz.com\/wp-content\/uploads\/2025\/07\/IMG_E08001-800x544.jpg 800w, https:\/\/axel-schulz.com\/wp-content\/uploads\/2025\/07\/IMG_E08001.jpg 949w\" data-sizes=\"auto\" data-orig-sizes=\"(max-width: 531px) 100vw, 531px\" \/><\/p>\n<hr data-start=\"2397\" data-end=\"2400\">\n<h3 data-start=\"2402\" data-end=\"2452\"><strong data-start=\"2406\" data-end=\"2452\">George Foreman \u2013 Las Vegas, 22. April 1995<\/strong><\/h3>\n<p data-start=\"2454\" data-end=\"2746\">Ich wei\u00df noch genau, wie ich zum Ring ging. MGM Grand, Las Vegas. Alles leuchtete, \u00fcberall Kameras. Gegen\u00fcber von mir: <strong data-start=\"2573\" data-end=\"2591\">George Foreman<\/strong>, 46 Jahre alt, aber immer noch eine lebende Legende. Er hatte gegen Muhammad Ali gek\u00e4mpft, war Olympiasieger und in den 70ern ungeschlagener Weltmeister im Schwergewicht. Er war und ist aktuell immer noch der \u00e4lteste Weltmeister im Schwergewicht der Geschichte.<\/p>\n<p data-start=\"2748\" data-end=\"3281\">Ich war 26, Europ\u00e4er \u2013 f\u00fcr viele nur ein mutiger Herausforderer. Aber ich glaubte an mich. Und ich k\u00e4mpfte. 12 Runden lang. Ich wich seinen schweren H\u00e4nden aus, konterte, punktete. Die Experten von <strong data-start=\"2961\" data-end=\"2968\">HBO<\/strong> sahen mich klar vorn: <strong data-start=\"2991\" data-end=\"3002\">117:111<\/strong>. Und trotzdem verlor ich \u2013 <strong data-start=\"3030\" data-end=\"3048\">Split Decision<\/strong>. Zwei Punktrichter gaben Foreman den Kampf. Weltweit hagelte es Kritik. Ich war erleichtert und stolz. Ich hatte dem gro\u00dfen Foreman die Stirn geboten und er weigerte sich danach, nochmal gegen mich zu k\u00e4mpfen.<\/p>\n<p data-start=\"2748\" data-end=\"3281\"><img decoding=\"async\" class=\"lazyload aligncenter wp-image-1914\" src=\"https:\/\/wp.axel-schulz.com\/wp-content\/uploads\/2025\/07\/IMG_E08011.jpg\" data-orig-src=\"https:\/\/wp.axel-schulz.com\/wp-content\/uploads\/2025\/07\/IMG_E08011.jpg\" alt=\"\" width=\"523\" height=\"333\" srcset=\"data:image\/svg+xml,%3Csvg%20xmlns%3D%27http%3A%2F%2Fwww.w3.org%2F2000%2Fsvg%27%20width%3D%27523%27%20height%3D%27333%27%20viewBox%3D%270%200%20523%20333%27%3E%3Crect%20width%3D%27523%27%20height%3D%27333%27%20fill-opacity%3D%220%22%2F%3E%3C%2Fsvg%3E\" data-srcset=\"https:\/\/axel-schulz.com\/wp-content\/uploads\/2025\/07\/IMG_E08011-200x127.jpg 200w, https:\/\/axel-schulz.com\/wp-content\/uploads\/2025\/07\/IMG_E08011-300x191.jpg 300w, https:\/\/axel-schulz.com\/wp-content\/uploads\/2025\/07\/IMG_E08011-400x255.jpg 400w, https:\/\/axel-schulz.com\/wp-content\/uploads\/2025\/07\/IMG_E08011-600x382.jpg 600w, https:\/\/axel-schulz.com\/wp-content\/uploads\/2025\/07\/IMG_E08011-768x489.jpg 768w, https:\/\/axel-schulz.com\/wp-content\/uploads\/2025\/07\/IMG_E08011-800x510.jpg 800w, https:\/\/axel-schulz.com\/wp-content\/uploads\/2025\/07\/IMG_E08011.jpg 1003w\" data-sizes=\"auto\" data-orig-sizes=\"(max-width: 523px) 100vw, 523px\" \/><\/p>\n<p data-start=\"2748\" data-end=\"3281\">\n<hr data-start=\"3283\" data-end=\"3286\">\n<h3 data-start=\"3288\" data-end=\"3342\"><strong data-start=\"3292\" data-end=\"3342\">Zweite WM-Chance \u2013 Stuttgart, 9. Dezember 1995<\/strong><\/h3>\n<p data-start=\"3344\" data-end=\"3840\">Der Titel war wieder vakant. Ich bekam eine neue Chance \u2013 gegen den S\u00fcdafrikaner <strong data-start=\"3425\" data-end=\"3443\">Francois Botha<\/strong>. In Stuttgart, mit Millionen Fernsehzuschauern. Witzige Sache: bei Foreman war ich noch Kanonenfutter und bei Botha wurde ich Max Schmelings Enkel genannt. Allerdings verlor ich erneut nach Punkten. Wieder war es umstritten. Doch diesmal kam die Wahrheit ans Licht: <strong data-start=\"3611\" data-end=\"3631\">Botha war gedopt<\/strong>. Der Kampf wurde sp\u00e4ter <strong data-start=\"3656\" data-end=\"3685\">annulliert \u2013 &#8222;No Contest&#8220;<\/strong>. Und ich? Stand wieder mit leeren H\u00e4nden da. Aber mit noch mehr Zuspruch. Die Leute wussten: Ich k\u00e4mpfe fair. Ich k\u00e4mpfe sauber. Ich k\u00e4mpfe f\u00fcr den Sport.<\/p>\n<p data-start=\"3344\" data-end=\"3840\"><img decoding=\"async\" class=\"lazyload aligncenter  wp-image-1962\" src=\"https:\/\/wp.axel-schulz.com\/wp-content\/uploads\/2025\/07\/IMG_E07982.jpg\" data-orig-src=\"https:\/\/wp.axel-schulz.com\/wp-content\/uploads\/2025\/07\/IMG_E07982.jpg\" alt=\"\" width=\"497\" height=\"331\" srcset=\"data:image\/svg+xml,%3Csvg%20xmlns%3D%27http%3A%2F%2Fwww.w3.org%2F2000%2Fsvg%27%20width%3D%27497%27%20height%3D%27331%27%20viewBox%3D%270%200%20497%20331%27%3E%3Crect%20width%3D%27497%27%20height%3D%27331%27%20fill-opacity%3D%220%22%2F%3E%3C%2Fsvg%3E\" data-srcset=\"https:\/\/axel-schulz.com\/wp-content\/uploads\/2025\/07\/IMG_E07982-200x134.jpg 200w, https:\/\/axel-schulz.com\/wp-content\/uploads\/2025\/07\/IMG_E07982-300x200.jpg 300w, https:\/\/axel-schulz.com\/wp-content\/uploads\/2025\/07\/IMG_E07982-400x267.jpg 400w, https:\/\/axel-schulz.com\/wp-content\/uploads\/2025\/07\/IMG_E07982-600x401.jpg 600w, https:\/\/axel-schulz.com\/wp-content\/uploads\/2025\/07\/IMG_E07982-768x513.jpg 768w, https:\/\/axel-schulz.com\/wp-content\/uploads\/2025\/07\/IMG_E07982-800x534.jpg 800w, https:\/\/axel-schulz.com\/wp-content\/uploads\/2025\/07\/IMG_E07982.jpg 987w\" data-sizes=\"auto\" data-orig-sizes=\"(max-width: 497px) 100vw, 497px\" \/><\/p>\n<hr data-start=\"3842\" data-end=\"3845\">\n<h3 data-start=\"3847\" data-end=\"3897\"><strong data-start=\"3851\" data-end=\"3897\">Dritte WM-Chance \u2013 Dortmund, 22. Juni 1996<\/strong><\/h3>\n<p data-start=\"3899\" data-end=\"4301\">Ich durfte noch einmal ran \u2013 gegen den Amerikaner <strong data-start=\"3955\" data-end=\"3973\">Michael Moorer<\/strong>, Ex-Weltmeister und Rechts-Ausleger mit Wucht. Wieder \u00fcber 12 Runden, wieder alles gegeben. Und wieder: <strong data-start=\"4077\" data-end=\"4117\">Split Decision \u2013 knapp verloren<\/strong>. Drei WM-K\u00e4mpfe, dreimal nur hauchd\u00fcnn an der Krone vorbei. Das war hart. Aber ich hatte mir meinen Namen gemacht \u2013 als fairer Sportsmann, als Publikumsliebling, als K\u00e4mpfer mit Herz.<\/p>\n<p data-start=\"3899\" data-end=\"4301\"><img decoding=\"async\" class=\"lazyload aligncenter  wp-image-1963\" src=\"https:\/\/wp.axel-schulz.com\/wp-content\/uploads\/2025\/07\/IMG_E08051-1.jpg\" data-orig-src=\"https:\/\/wp.axel-schulz.com\/wp-content\/uploads\/2025\/07\/IMG_E08051-1.jpg\" alt=\"\" width=\"446\" height=\"361\" srcset=\"data:image\/svg+xml,%3Csvg%20xmlns%3D%27http%3A%2F%2Fwww.w3.org%2F2000%2Fsvg%27%20width%3D%27446%27%20height%3D%27361%27%20viewBox%3D%270%200%20446%20361%27%3E%3Crect%20width%3D%27446%27%20height%3D%27361%27%20fill-opacity%3D%220%22%2F%3E%3C%2Fsvg%3E\" data-srcset=\"https:\/\/axel-schulz.com\/wp-content\/uploads\/2025\/07\/IMG_E08051-1-177x142.jpg 177w, https:\/\/axel-schulz.com\/wp-content\/uploads\/2025\/07\/IMG_E08051-1-200x162.jpg 200w, https:\/\/axel-schulz.com\/wp-content\/uploads\/2025\/07\/IMG_E08051-1-300x243.jpg 300w, https:\/\/axel-schulz.com\/wp-content\/uploads\/2025\/07\/IMG_E08051-1-400x324.jpg 400w, https:\/\/axel-schulz.com\/wp-content\/uploads\/2025\/07\/IMG_E08051-1-600x486.jpg 600w, https:\/\/axel-schulz.com\/wp-content\/uploads\/2025\/07\/IMG_E08051-1-768x622.jpg 768w, https:\/\/axel-schulz.com\/wp-content\/uploads\/2025\/07\/IMG_E08051-1.jpg 781w\" data-sizes=\"auto\" data-orig-sizes=\"(max-width: 446px) 100vw, 446px\" \/><\/p>\n<p data-start=\"3899\" data-end=\"4301\">\n<hr data-start=\"4303\" data-end=\"4306\">\n<h3 data-start=\"4308\" data-end=\"4378\"><strong data-start=\"4312\" data-end=\"4378\">Klitschko und das Ende der Karriere \u2013 K\u00f6ln, 25. September 1999<\/strong><\/h3>\n<p data-start=\"4380\" data-end=\"4749\">1999 stand ich noch einmal im Rampenlicht \u2013 gegen <strong data-start=\"4430\" data-end=\"4452\">Wladimir Klitschko<\/strong>, um die Europameisterschaft. Ich war nicht mehr der J\u00fcngste, und Wladimir war jung, hungrig und brachial. Ich hielt eine Weile durch, aber in Runde 8 war Schluss. <strong data-start=\"4611\" data-end=\"4631\">Technischer K.o.<\/strong> Ich wusste: Das war\u2019s. Ich habe meine Handschuhe an den ber\u00fchmten Nagel geh\u00e4ngt \u2013 mit dem guten Gef\u00fchl, alles gegeben zu haben.<\/p>\n<p data-start=\"4380\" data-end=\"4749\"><img decoding=\"async\" class=\"lazyload wp-image-1910 aligncenter\" src=\"https:\/\/wp.axel-schulz.com\/wp-content\/uploads\/2025\/07\/IMG_E08041.jpg\" data-orig-src=\"https:\/\/wp.axel-schulz.com\/wp-content\/uploads\/2025\/07\/IMG_E08041.jpg\" alt=\"\" width=\"503\" height=\"386\" srcset=\"data:image\/svg+xml,%3Csvg%20xmlns%3D%27http%3A%2F%2Fwww.w3.org%2F2000%2Fsvg%27%20width%3D%27503%27%20height%3D%27386%27%20viewBox%3D%270%200%20503%20386%27%3E%3Crect%20width%3D%27503%27%20height%3D%27386%27%20fill-opacity%3D%220%22%2F%3E%3C%2Fsvg%3E\" data-srcset=\"https:\/\/axel-schulz.com\/wp-content\/uploads\/2025\/07\/IMG_E08041-200x153.jpg 200w, https:\/\/axel-schulz.com\/wp-content\/uploads\/2025\/07\/IMG_E08041-300x230.jpg 300w, https:\/\/axel-schulz.com\/wp-content\/uploads\/2025\/07\/IMG_E08041-400x307.jpg 400w, https:\/\/axel-schulz.com\/wp-content\/uploads\/2025\/07\/IMG_E08041-600x460.jpg 600w, https:\/\/axel-schulz.com\/wp-content\/uploads\/2025\/07\/IMG_E08041-768x589.jpg 768w, https:\/\/axel-schulz.com\/wp-content\/uploads\/2025\/07\/IMG_E08041-800x614.jpg 800w, https:\/\/axel-schulz.com\/wp-content\/uploads\/2025\/07\/IMG_E08041.jpg 972w\" data-sizes=\"auto\" data-orig-sizes=\"(max-width: 503px) 100vw, 503px\" \/><\/p>\n<hr data-start=\"4751\" data-end=\"4754\">\n<h3 data-start=\"4756\" data-end=\"4795\"><strong data-start=\"4760\" data-end=\"4795\">Ein letztes Mal \u2013 Comeback 2006<\/strong><\/h3>\n<p data-start=\"4797\" data-end=\"5057\">Nach einigen Jahren Pause kribbelte es nochmal. Ich wagte ein Comeback \u2013 gegen den Amerikaner <strong data-start=\"4890\" data-end=\"4905\">Brian Minto<\/strong>. Doch der Sport hatte sich weiterentwickelt, und ich hatte in Runde 6 keine Chance mehr. Ich ging K.o. \u2013 und sagte <strong data-start=\"5021\" data-end=\"5056\">endg\u00fcltig auf Wiedersehen zum Profiboxen<\/strong>, zumindest nicht mehr selbst im Ring. Heute findest du mich als Kommentator, Moderator, Experte f\u00fcrs Boxen, etc. aber auch als Gast am Mikro f\u00fcr MMA und Oktagon neben dem Ring.<\/p>\n<p data-start=\"4797\" data-end=\"5057\"><img decoding=\"async\" class=\"lazyload aligncenter wp-image-1917\" src=\"https:\/\/wp.axel-schulz.com\/wp-content\/uploads\/2025\/07\/IMG_E08141.jpg\" data-orig-src=\"https:\/\/wp.axel-schulz.com\/wp-content\/uploads\/2025\/07\/IMG_E08141.jpg\" alt=\"\" width=\"482\" height=\"359\" srcset=\"data:image\/svg+xml,%3Csvg%20xmlns%3D%27http%3A%2F%2Fwww.w3.org%2F2000%2Fsvg%27%20width%3D%27482%27%20height%3D%27359%27%20viewBox%3D%270%200%20482%20359%27%3E%3Crect%20width%3D%27482%27%20height%3D%27359%27%20fill-opacity%3D%220%22%2F%3E%3C%2Fsvg%3E\" data-srcset=\"https:\/\/axel-schulz.com\/wp-content\/uploads\/2025\/07\/IMG_E08141-200x149.jpg 200w, https:\/\/axel-schulz.com\/wp-content\/uploads\/2025\/07\/IMG_E08141-300x223.jpg 300w, https:\/\/axel-schulz.com\/wp-content\/uploads\/2025\/07\/IMG_E08141-400x298.jpg 400w, https:\/\/axel-schulz.com\/wp-content\/uploads\/2025\/07\/IMG_E08141-600x447.jpg 600w, https:\/\/axel-schulz.com\/wp-content\/uploads\/2025\/07\/IMG_E08141-768x572.jpg 768w, https:\/\/axel-schulz.com\/wp-content\/uploads\/2025\/07\/IMG_E08141-800x596.jpg 800w, https:\/\/axel-schulz.com\/wp-content\/uploads\/2025\/07\/IMG_E08141.jpg 986w\" data-sizes=\"auto\" data-orig-sizes=\"(max-width: 482px) 100vw, 482px\" \/><\/p>\n<\/div><\/div><\/div><\/div><\/div>\n","protected":false},"excerpt":{"rendered":"","protected":false},"author":1,"featured_media":0,"parent":0,"menu_order":0,"comment_status":"closed","ping_status":"closed","template":"","meta":{"footnotes":""},"class_list":["post-1907","page","type-page","status-publish","hentry"],"_links":{"self":[{"href":"https:\/\/axel-schulz.com\/index.php?rest_route=\/wp\/v2\/pages\/1907","targetHints":{"allow":["GET"]}}],"collection":[{"href":"https:\/\/axel-schulz.com\/index.php?rest_route=\/wp\/v2\/pages"}],"about":[{"href":"https:\/\/axel-schulz.com\/index.php?rest_route=\/wp\/v2\/types\/page"}],"author":[{"embeddable":true,"href":"https:\/\/axel-schulz.com\/index.php?rest_route=\/wp\/v2\/users\/1"}],"replies":[{"embeddable":true,"href":"https:\/\/axel-schulz.com\/index.php?rest_route=%2Fwp%2Fv2%2Fcomments&post=1907"}],"version-history":[{"count":18,"href":"https:\/\/axel-schulz.com\/index.php?rest_route=\/wp\/v2\/pages\/1907\/revisions"}],"predecessor-version":[{"id":1981,"href":"https:\/\/axel-schulz.com\/index.php?rest_route=\/wp\/v2\/pages\/1907\/revisions\/1981"}],"wp:attachment":[{"href":"https:\/\/axel-schulz.com\/index.php?rest_route=%2Fwp%2Fv2%2Fmedia&parent=1907"}],"curies":[{"name":"wp","href":"https:\/\/api.w.org\/{rel}","templated":true}]}}